{"id":51463,"date":"2020-08-21T07:14:53","date_gmt":"2020-08-21T05:14:53","guid":{"rendered":"https:\/\/ericbphotographie.com\/?page_id=51463"},"modified":"2025-01-21T17:52:00","modified_gmt":"2025-01-21T16:52:00","slug":"portrait-m","status":"publish","type":"page","link":"https:\/\/ericbphotographie.com\/index.php\/portraits-lifestyle-montpellier\/portrait-m\/","title":{"rendered":"Portrait Mod\u00e8le professionnelle"},"content":{"rendered":"\t\t<div data-elementor-type=\"wp-page\" data-elementor-id=\"51463\" class=\"elementor elementor-51463\" data-elementor-post-type=\"page\">\n\t\t\t\t\t\t<section class=\"elementor-section elementor-top-section elementor-element elementor-element-3d10afd elementor-section-boxed elementor-section-height-default elementor-section-height-default\" data-id=\"3d10afd\" data-element_type=\"section\" data-e-type=\"section\">\n\t\t\t\t\t\t<div class=\"elementor-container elementor-column-gap-default\">\n\t\t\t\t\t<div class=\"elementor-column elementor-col-100 elementor-top-column elementor-element elementor-element-3a4440c\" data-id=\"3a4440c\" data-element_type=\"column\" data-e-type=\"column\">\n\t\t\t<div class=\"elementor-widget-wrap elementor-element-populated\">\n\t\t\t\t\t\t<div class=\"elementor-element elementor-element-e619267 elementor-align-center elementor-widget elementor-widget-the7_button_widget\" data-id=\"e619267\" data-element_type=\"widget\" data-e-type=\"widget\" data-widget_type=\"the7_button_widget.default\">\n\t\t\t\t<div class=\"elementor-widget-container\">\n\t\t\t\t\t<div class=\"elementor-button-wrapper\"><a href=\"https:\/\/ericbphotographie.com\/index.php\/portraits-lifestyle-montpellier\/\" class=\"box-button elementor-button elementor-size-xs\">Retour \u00e0 la page &quot;&#039;Portraits \/ Lifestyle&quot;<\/a><\/div>\t\t\t\t<\/div>\n\t\t\t\t<\/div>\n\t\t\t\t\t<\/div>\n\t\t<\/div>\n\t\t\t\t\t<\/div>\n\t\t<\/section>\n\t\t\t\t<section class=\"elementor-section elementor-top-section elementor-element elementor-element-3ddf37c elementor-section-boxed elementor-section-height-default elementor-section-height-default\" data-id=\"3ddf37c\" data-element_type=\"section\" data-e-type=\"section\">\n\t\t\t\t\t\t<div class=\"elementor-container elementor-column-gap-default\">\n\t\t\t\t\t<div class=\"elementor-column elementor-col-100 elementor-top-column elementor-element elementor-element-3ae420f\" data-id=\"3ae420f\" data-element_type=\"column\" data-e-type=\"column\">\n\t\t\t<div class=\"elementor-widget-wrap elementor-element-populated\">\n\t\t\t\t\t\t<div class=\"elementor-element elementor-element-f4fb31e elementor-widget elementor-widget-text-editor\" data-id=\"f4fb31e\" data-element_type=\"widget\" data-e-type=\"widget\" data-widget_type=\"text-editor.default\">\n\t\t\t\t<div class=\"elementor-widget-container\">\n\t\t\t\t\t\t\t\t\t<p style=\"margin: 0cm; text-align: justify;\">J\u2019ai fait cette s\u00e9ance photo dans un parc d\u2019Issy-les-Moulineaux en r\u00e9gion parisienne. Ma mod\u00e8le du jour \u00e9tait rousse avec de jolies t\u00e2ches de rousseur. Sans oublier de jolis yeux bleus. On voit peut de mod\u00e8les rousses comparativement aux brunes ou aux blondes. C\u2019est bien dommage.<\/p><p style=\"margin: 0cm; text-align: justify;\">Il y a dans son physique une douceur et une beaut\u00e9 intemporelle. Et le contraste entre la couleur de ses cheveux et de ses yeux m\u2019a beaucoup plus.<\/p><p style=\"margin: 0cm; text-align: justify;\">\u00a0<\/p>\t\t\t\t\t\t\t\t<\/div>\n\t\t\t\t<\/div>\n\t\t\t\t\t<\/div>\n\t\t<\/div>\n\t\t\t\t\t<\/div>\n\t\t<\/section>\n\t\t\t\t<section class=\"elementor-section elementor-top-section elementor-element elementor-element-49441ef elementor-section-boxed elementor-section-height-default elementor-section-height-default\" data-id=\"49441ef\" data-element_type=\"section\" data-e-type=\"section\">\n\t\t\t\t\t\t<div class=\"elementor-container elementor-column-gap-default\">\n\t\t\t\t\t<div class=\"elementor-column elementor-col-100 elementor-top-column elementor-element elementor-element-e876cf0\" data-id=\"e876cf0\" data-element_type=\"column\" data-e-type=\"column\" data-settings=\"{&quot;background_background&quot;:&quot;classic&quot;}\">\n\t\t\t<div class=\"elementor-widget-wrap elementor-element-populated\">\n\t\t\t\t\t\t<div class=\"elementor-element elementor-element-7fda71b elementor-widget elementor-widget-gallery\" data-id=\"7fda71b\" data-element_type=\"widget\" data-e-type=\"widget\" data-settings=\"{&quot;gallery_layout&quot;:&quot;masonry&quot;,&quot;columns&quot;:2,&quot;gap&quot;:{&quot;unit&quot;:&quot;px&quot;,&quot;size&quot;:30,&quot;sizes&quot;:[]},&quot;lazyload&quot;:&quot;yes&quot;,&quot;columns_tablet&quot;:2,&quot;columns_mobile&quot;:1,&quot;gap_tablet&quot;:{&quot;unit&quot;:&quot;px&quot;,&quot;size&quot;:10,&quot;sizes&quot;:[]},&quot;gap_mobile&quot;:{&quot;unit&quot;:&quot;px&quot;,&quot;size&quot;:10,&quot;sizes&quot;:[]},&quot;link_to&quot;:&quot;file&quot;,&quot;overlay_background&quot;:&quot;yes&quot;,&quot;content_hover_animation&quot;:&quot;fade-in&quot;}\" data-widget_type=\"gallery.default\">\n\t\t\t\t<div class=\"elementor-widget-container\">\n\t\t\t\t\t\t\t<div class=\"elementor-gallery__container\">\n\t\t\t\t\t\t\t<a class=\"e-gallery-item elementor-gallery-item elementor-animated-content\" href=\"https:\/\/ericbphotographie.com\/wp-content\/uploads\/2025\/01\/Photographe-portrait-Eric-B-Photographie-modele-M1.webp\" data-elementor-open-lightbox=\"yes\" data-elementor-lightbox-slideshow=\"7fda71b\" data-elementor-lightbox-title=\"portrait mod\u00e8le professionnelle\" data-e-action-hash=\"#elementor-action%3Aaction%3Dlightbox%26settings%3DeyJpZCI6NTIzODgsInVybCI6Imh0dHBzOlwvXC9lcmljYnBob3RvZ3JhcGhpZS5jb21cL3dwLWNvbnRlbnRcL3VwbG9hZHNcLzIwMjVcLzAxXC9QaG90b2dyYXBoZS1wb3J0cmFpdC1FcmljLUItUGhvdG9ncmFwaGllLW1vZGVsZS1NMS53ZWJwIiwic2xpZGVzaG93IjoiN2ZkYTcxYiJ9\">\n\t\t\t\t\t<div class=\"e-gallery-image elementor-gallery-item__image\" data-thumbnail=\"https:\/\/ericbphotographie.com\/wp-content\/uploads\/2025\/01\/Photographe-portrait-Eric-B-Photographie-modele-M1-768x1152.webp\" data-width=\"768\" data-height=\"1152\" aria-label=\"s\u00e9ance portrait avec une mod\u00e8le professionnelle\" role=\"img\" ><\/div>\n\t\t\t\t\t\t\t\t\t\t\t<div class=\"elementor-gallery-item__overlay\"><\/div>\n\t\t\t\t\t\t\t\t\t\t\t\t\t\t<\/a>\n\t\t\t\t\t\t\t<a class=\"e-gallery-item elementor-gallery-item elementor-animated-content\" href=\"https:\/\/ericbphotographie.com\/wp-content\/uploads\/2025\/01\/Photographe-portrait-Eric-B-Photographie-modele-M2.webp\" data-elementor-open-lightbox=\"yes\" data-elementor-lightbox-slideshow=\"7fda71b\" data-elementor-lightbox-title=\"portrait mod\u00e8le professionnelle\" data-e-action-hash=\"#elementor-action%3Aaction%3Dlightbox%26settings%3DeyJpZCI6NTIzODksInVybCI6Imh0dHBzOlwvXC9lcmljYnBob3RvZ3JhcGhpZS5jb21cL3dwLWNvbnRlbnRcL3VwbG9hZHNcLzIwMjVcLzAxXC9QaG90b2dyYXBoZS1wb3J0cmFpdC1FcmljLUItUGhvdG9ncmFwaGllLW1vZGVsZS1NMi53ZWJwIiwic2xpZGVzaG93IjoiN2ZkYTcxYiJ9\">\n\t\t\t\t\t<div class=\"e-gallery-image elementor-gallery-item__image\" data-thumbnail=\"https:\/\/ericbphotographie.com\/wp-content\/uploads\/2025\/01\/Photographe-portrait-Eric-B-Photographie-modele-M2-768x1152.webp\" data-width=\"768\" data-height=\"1152\" aria-label=\"s\u00e9ance portrait avec une mod\u00e8le professionnelle\" role=\"img\" ><\/div>\n\t\t\t\t\t\t\t\t\t\t\t<div class=\"elementor-gallery-item__overlay\"><\/div>\n\t\t\t\t\t\t\t\t\t\t\t\t\t\t<\/a>\n\t\t\t\t\t\t\t<a class=\"e-gallery-item elementor-gallery-item elementor-animated-content\" href=\"https:\/\/ericbphotographie.com\/wp-content\/uploads\/2025\/01\/Photographe-portrait-Eric-B-Photographie-modele-M3.webp\" data-elementor-open-lightbox=\"yes\" data-elementor-lightbox-slideshow=\"7fda71b\" data-elementor-lightbox-title=\"portrait mod\u00e8le professionnelle\" data-e-action-hash=\"#elementor-action%3Aaction%3Dlightbox%26settings%3DeyJpZCI6NTIzOTAsInVybCI6Imh0dHBzOlwvXC9lcmljYnBob3RvZ3JhcGhpZS5jb21cL3dwLWNvbnRlbnRcL3VwbG9hZHNcLzIwMjVcLzAxXC9QaG90b2dyYXBoZS1wb3J0cmFpdC1FcmljLUItUGhvdG9ncmFwaGllLW1vZGVsZS1NMy53ZWJwIiwic2xpZGVzaG93IjoiN2ZkYTcxYiJ9\">\n\t\t\t\t\t<div class=\"e-gallery-image elementor-gallery-item__image\" data-thumbnail=\"https:\/\/ericbphotographie.com\/wp-content\/uploads\/2025\/01\/Photographe-portrait-Eric-B-Photographie-modele-M3-768x512.webp\" data-width=\"768\" data-height=\"512\" aria-label=\"s\u00e9ance portrait avec une mod\u00e8le professionnelle\" role=\"img\" ><\/div>\n\t\t\t\t\t\t\t\t\t\t\t<div class=\"elementor-gallery-item__overlay\"><\/div>\n\t\t\t\t\t\t\t\t\t\t\t\t\t\t<\/a>\n\t\t\t\t\t\t\t<a class=\"e-gallery-item elementor-gallery-item elementor-animated-content\" href=\"https:\/\/ericbphotographie.com\/wp-content\/uploads\/2025\/01\/Photographe-portrait-Eric-B-Photographie-modele-M4.webp\" data-elementor-open-lightbox=\"yes\" data-elementor-lightbox-slideshow=\"7fda71b\" data-elementor-lightbox-title=\"portrait mod\u00e8le professionnelle\" data-e-action-hash=\"#elementor-action%3Aaction%3Dlightbox%26settings%3DeyJpZCI6NTIzOTEsInVybCI6Imh0dHBzOlwvXC9lcmljYnBob3RvZ3JhcGhpZS5jb21cL3dwLWNvbnRlbnRcL3VwbG9hZHNcLzIwMjVcLzAxXC9QaG90b2dyYXBoZS1wb3J0cmFpdC1FcmljLUItUGhvdG9ncmFwaGllLW1vZGVsZS1NNC53ZWJwIiwic2xpZGVzaG93IjoiN2ZkYTcxYiJ9\">\n\t\t\t\t\t<div class=\"e-gallery-image elementor-gallery-item__image\" data-thumbnail=\"https:\/\/ericbphotographie.com\/wp-content\/uploads\/2025\/01\/Photographe-portrait-Eric-B-Photographie-modele-M4-768x512.webp\" data-width=\"768\" data-height=\"512\" aria-label=\"s\u00e9ance portrait avec une mod\u00e8le professionnelle\" role=\"img\" ><\/div>\n\t\t\t\t\t\t\t\t\t\t\t<div class=\"elementor-gallery-item__overlay\"><\/div>\n\t\t\t\t\t\t\t\t\t\t\t\t\t\t<\/a>\n\t\t\t\t\t\t\t<a class=\"e-gallery-item elementor-gallery-item elementor-animated-content\" href=\"https:\/\/ericbphotographie.com\/wp-content\/uploads\/2025\/01\/Photographe-portrait-Eric-B-Photographie-modele-M6.webp\" data-elementor-open-lightbox=\"yes\" data-elementor-lightbox-slideshow=\"7fda71b\" data-elementor-lightbox-title=\"portrait mod\u00e8le professionnelle\" data-e-action-hash=\"#elementor-action%3Aaction%3Dlightbox%26settings%3DeyJpZCI6NTIzOTMsInVybCI6Imh0dHBzOlwvXC9lcmljYnBob3RvZ3JhcGhpZS5jb21cL3dwLWNvbnRlbnRcL3VwbG9hZHNcLzIwMjVcLzAxXC9QaG90b2dyYXBoZS1wb3J0cmFpdC1FcmljLUItUGhvdG9ncmFwaGllLW1vZGVsZS1NNi53ZWJwIiwic2xpZGVzaG93IjoiN2ZkYTcxYiJ9\">\n\t\t\t\t\t<div class=\"e-gallery-image elementor-gallery-item__image\" data-thumbnail=\"https:\/\/ericbphotographie.com\/wp-content\/uploads\/2025\/01\/Photographe-portrait-Eric-B-Photographie-modele-M6-768x1152.webp\" data-width=\"768\" data-height=\"1152\" aria-label=\"s\u00e9ance portrait avec une mod\u00e8le professionnelle\" role=\"img\" ><\/div>\n\t\t\t\t\t\t\t\t\t\t\t<div class=\"elementor-gallery-item__overlay\"><\/div>\n\t\t\t\t\t\t\t\t\t\t\t\t\t\t<\/a>\n\t\t\t\t\t\t\t<a class=\"e-gallery-item elementor-gallery-item elementor-animated-content\" href=\"https:\/\/ericbphotographie.com\/wp-content\/uploads\/2025\/01\/Photographe-portrait-Eric-B-Photographie-modele-M5.webp\" data-elementor-open-lightbox=\"yes\" data-elementor-lightbox-slideshow=\"7fda71b\" data-elementor-lightbox-title=\"portrait mod\u00e8le professionnelle\" data-e-action-hash=\"#elementor-action%3Aaction%3Dlightbox%26settings%3DeyJpZCI6NTIzOTIsInVybCI6Imh0dHBzOlwvXC9lcmljYnBob3RvZ3JhcGhpZS5jb21cL3dwLWNvbnRlbnRcL3VwbG9hZHNcLzIwMjVcLzAxXC9QaG90b2dyYXBoZS1wb3J0cmFpdC1FcmljLUItUGhvdG9ncmFwaGllLW1vZGVsZS1NNS53ZWJwIiwic2xpZGVzaG93IjoiN2ZkYTcxYiJ9\">\n\t\t\t\t\t<div class=\"e-gallery-image elementor-gallery-item__image\" data-thumbnail=\"https:\/\/ericbphotographie.com\/wp-content\/uploads\/2025\/01\/Photographe-portrait-Eric-B-Photographie-modele-M5-768x512.webp\" data-width=\"768\" data-height=\"512\" aria-label=\"s\u00e9ance portrait avec une mod\u00e8le professionnelle\" role=\"img\" ><\/div>\n\t\t\t\t\t\t\t\t\t\t\t<div class=\"elementor-gallery-item__overlay\"><\/div>\n\t\t\t\t\t\t\t\t\t\t\t\t\t\t<\/a>\n\t\t\t\t\t\t\t<a class=\"e-gallery-item elementor-gallery-item elementor-animated-content\" href=\"https:\/\/ericbphotographie.com\/wp-content\/uploads\/2025\/01\/Photographe-portrait-Eric-B-Photographie-modele-M9.webp\" data-elementor-open-lightbox=\"yes\" data-elementor-lightbox-slideshow=\"7fda71b\" data-elementor-lightbox-title=\"portrait mod\u00e8le professionnelle\" data-e-action-hash=\"#elementor-action%3Aaction%3Dlightbox%26settings%3DeyJpZCI6NTIzOTYsInVybCI6Imh0dHBzOlwvXC9lcmljYnBob3RvZ3JhcGhpZS5jb21cL3dwLWNvbnRlbnRcL3VwbG9hZHNcLzIwMjVcLzAxXC9QaG90b2dyYXBoZS1wb3J0cmFpdC1FcmljLUItUGhvdG9ncmFwaGllLW1vZGVsZS1NOS53ZWJwIiwic2xpZGVzaG93IjoiN2ZkYTcxYiJ9\">\n\t\t\t\t\t<div class=\"e-gallery-image elementor-gallery-item__image\" data-thumbnail=\"https:\/\/ericbphotographie.com\/wp-content\/uploads\/2025\/01\/Photographe-portrait-Eric-B-Photographie-modele-M9-768x1152.webp\" data-width=\"768\" data-height=\"1152\" aria-label=\"s\u00e9ance portrait avec une mod\u00e8le professionnelle\" role=\"img\" ><\/div>\n\t\t\t\t\t\t\t\t\t\t\t<div class=\"elementor-gallery-item__overlay\"><\/div>\n\t\t\t\t\t\t\t\t\t\t\t\t\t\t<\/a>\n\t\t\t\t\t\t\t<a class=\"e-gallery-item elementor-gallery-item elementor-animated-content\" href=\"https:\/\/ericbphotographie.com\/wp-content\/uploads\/2025\/01\/Photographe-portrait-Eric-B-Photographie-modele-M10.webp\" data-elementor-open-lightbox=\"yes\" data-elementor-lightbox-slideshow=\"7fda71b\" data-elementor-lightbox-title=\"portrait mod\u00e8le professionnelle\" data-e-action-hash=\"#elementor-action%3Aaction%3Dlightbox%26settings%3DeyJpZCI6NTIzOTcsInVybCI6Imh0dHBzOlwvXC9lcmljYnBob3RvZ3JhcGhpZS5jb21cL3dwLWNvbnRlbnRcL3VwbG9hZHNcLzIwMjVcLzAxXC9QaG90b2dyYXBoZS1wb3J0cmFpdC1FcmljLUItUGhvdG9ncmFwaGllLW1vZGVsZS1NMTAud2VicCIsInNsaWRlc2hvdyI6IjdmZGE3MWIifQ%3D%3D\">\n\t\t\t\t\t<div class=\"e-gallery-image elementor-gallery-item__image\" data-thumbnail=\"https:\/\/ericbphotographie.com\/wp-content\/uploads\/2025\/01\/Photographe-portrait-Eric-B-Photographie-modele-M10-768x512.webp\" data-width=\"768\" data-height=\"512\" aria-label=\"s\u00e9ance portrait avec une mod\u00e8le professionnelle\" role=\"img\" ><\/div>\n\t\t\t\t\t\t\t\t\t\t\t<div class=\"elementor-gallery-item__overlay\"><\/div>\n\t\t\t\t\t\t\t\t\t\t\t\t\t\t<\/a>\n\t\t\t\t\t\t\t<a class=\"e-gallery-item elementor-gallery-item elementor-animated-content\" href=\"https:\/\/ericbphotographie.com\/wp-content\/uploads\/2025\/01\/Photographe-portrait-Eric-B-Photographie-modele-M7.webp\" data-elementor-open-lightbox=\"yes\" data-elementor-lightbox-slideshow=\"7fda71b\" data-elementor-lightbox-title=\"portrait mod\u00e8le professionnelle\" data-e-action-hash=\"#elementor-action%3Aaction%3Dlightbox%26settings%3DeyJpZCI6NTIzOTQsInVybCI6Imh0dHBzOlwvXC9lcmljYnBob3RvZ3JhcGhpZS5jb21cL3dwLWNvbnRlbnRcL3VwbG9hZHNcLzIwMjVcLzAxXC9QaG90b2dyYXBoZS1wb3J0cmFpdC1FcmljLUItUGhvdG9ncmFwaGllLW1vZGVsZS1NNy53ZWJwIiwic2xpZGVzaG93IjoiN2ZkYTcxYiJ9\">\n\t\t\t\t\t<div class=\"e-gallery-image elementor-gallery-item__image\" data-thumbnail=\"https:\/\/ericbphotographie.com\/wp-content\/uploads\/2025\/01\/Photographe-portrait-Eric-B-Photographie-modele-M7-768x1152.webp\" data-width=\"768\" data-height=\"1152\" aria-label=\"s\u00e9ance portrait avec une mod\u00e8le professionnelle\" role=\"img\" ><\/div>\n\t\t\t\t\t\t\t\t\t\t\t<div class=\"elementor-gallery-item__overlay\"><\/div>\n\t\t\t\t\t\t\t\t\t\t\t\t\t\t<\/a>\n\t\t\t\t\t\t\t<a class=\"e-gallery-item elementor-gallery-item elementor-animated-content\" href=\"https:\/\/ericbphotographie.com\/wp-content\/uploads\/2025\/01\/Photographe-portrait-Eric-B-Photographie-modele-M8.webp\" data-elementor-open-lightbox=\"yes\" data-elementor-lightbox-slideshow=\"7fda71b\" data-elementor-lightbox-title=\"portrait mod\u00e8le professionnelle\" data-e-action-hash=\"#elementor-action%3Aaction%3Dlightbox%26settings%3DeyJpZCI6NTIzOTUsInVybCI6Imh0dHBzOlwvXC9lcmljYnBob3RvZ3JhcGhpZS5jb21cL3dwLWNvbnRlbnRcL3VwbG9hZHNcLzIwMjVcLzAxXC9QaG90b2dyYXBoZS1wb3J0cmFpdC1FcmljLUItUGhvdG9ncmFwaGllLW1vZGVsZS1NOC53ZWJwIiwic2xpZGVzaG93IjoiN2ZkYTcxYiJ9\">\n\t\t\t\t\t<div class=\"e-gallery-image elementor-gallery-item__image\" data-thumbnail=\"https:\/\/ericbphotographie.com\/wp-content\/uploads\/2025\/01\/Photographe-portrait-Eric-B-Photographie-modele-M8-768x512.webp\" data-width=\"768\" data-height=\"512\" aria-label=\"s\u00e9ance portrait avec une mod\u00e8le professionnelle\" role=\"img\" ><\/div>\n\t\t\t\t\t\t\t\t\t\t\t<div class=\"elementor-gallery-item__overlay\"><\/div>\n\t\t\t\t\t\t\t\t\t\t\t\t\t\t<\/a>\n\t\t\t\t\t<\/div>\n\t\t\t\t\t<\/div>\n\t\t\t\t<\/div>\n\t\t\t\t\t<\/div>\n\t\t<\/div>\n\t\t\t\t\t<\/div>\n\t\t<\/section>\n\t\t\t\t<\/div>\n\t\t","protected":false},"excerpt":{"rendered":"<p>Retour \u00e0 la page &quot;&#039;Portraits \/ Lifestyle&quot; J\u2019ai fait cette s\u00e9ance photo dans un parc d\u2019Issy-les-Moulineaux en r\u00e9gion parisienne. Ma mod\u00e8le du jour \u00e9tait rousse avec de jolies t\u00e2ches de rousseur. Sans oublier de jolis yeux bleus. On voit peut de mod\u00e8les rousses comparativement aux brunes ou aux blondes. C\u2019est bien dommage. Il y a&hellip;<\/p>\n","protected":false},"author":1,"featured_media":52395,"parent":51396,"menu_order":0,"comment_status":"open","ping_status":"closed","template":"elementor_header_footer","meta":{"_exactmetrics_skip_tracking":false,"_exactmetrics_sitenote_active":false,"_exactmetrics_sitenote_note":"","_exactmetrics_sitenote_category":0,"footnotes":""},"class_list":["post-51463","page","type-page","status-publish","has-post-thumbnail","hentry"],"yoast_head":"<!-- This site is optimized with the Yoast SEO plugin v27.5 - https:\/\/yoast.com\/product\/yoast-seo-wordpress\/ -->\n<title>Portrait Mod\u00e8le professionnelle - Eric B Photographie : photographe de mariage et portrait<\/title>\n<meta name=\"description\" content=\"S\u00e9ance photos avec une tr\u00e8s jolie mod\u00e8le professionnelle \u00e0 Paris enti\u00e8rement en ext\u00e9rieur en lumi\u00e8re naturelle.\" \/>\n<meta name=\"robots\" content=\"index, follow, max-snippet:-1, max-image-preview:large, max-video-preview:-1\" \/>\n<link rel=\"canonical\" href=\"https:\/\/ericbphotographie.com\/index.php\/portraits-lifestyle-montpellier\/portrait-m\/\" \/>\n<meta property=\"og:locale\" content=\"fr_FR\" \/>\n<meta property=\"og:type\" content=\"article\" \/>\n<meta property=\"og:title\" content=\"Portrait Mod\u00e8le professionnelle - Eric B Photographie : photographe de mariage et portrait\" \/>\n<meta property=\"og:description\" content=\"S\u00e9ance photos avec une tr\u00e8s jolie mod\u00e8le professionnelle \u00e0 Paris enti\u00e8rement en ext\u00e9rieur en lumi\u00e8re naturelle.\" \/>\n<meta property=\"og:url\" content=\"https:\/\/ericbphotographie.com\/index.php\/portraits-lifestyle-montpellier\/portrait-m\/\" \/>\n<meta property=\"og:site_name\" content=\"Eric B Photographie : photographe de mariage et portrait\" \/>\n<meta property=\"article:publisher\" content=\"https:\/\/www.facebook.com\/ericbphotographie34\/\" \/>\n<meta property=\"article:modified_time\" content=\"2025-01-21T16:52:00+00:00\" \/>\n<meta property=\"og:image\" content=\"https:\/\/ericbphotographie.com\/wp-content\/uploads\/2025\/01\/Photographe-portrait-Eric-B-Photographie-modele-M8.webp\" \/>\n\t<meta property=\"og:image:width\" content=\"2500\" \/>\n\t<meta property=\"og:image:height\" content=\"1667\" \/>\n\t<meta property=\"og:image:type\" content=\"image\/webp\" \/>\n<meta name=\"twitter:card\" content=\"summary_large_image\" \/>\n<meta name=\"twitter:label1\" content=\"Dur\u00e9e de lecture estim\u00e9e\" \/>\n\t<meta name=\"twitter:data1\" content=\"1 minute\" \/>\n<script type=\"application\/ld+json\" class=\"yoast-schema-graph\">{\"@context\":\"https:\\\/\\\/schema.org\",\"@graph\":[{\"@type\":\"WebPage\",\"@id\":\"https:\\\/\\\/ericbphotographie.com\\\/index.php\\\/portraits-lifestyle-montpellier\\\/portrait-m\\\/\",\"url\":\"https:\\\/\\\/ericbphotographie.com\\\/index.php\\\/portraits-lifestyle-montpellier\\\/portrait-m\\\/\",\"name\":\"Portrait Mod\u00e8le professionnelle - Eric B Photographie : photographe de mariage et portrait\",\"isPartOf\":{\"@id\":\"https:\\\/\\\/ericbphotographie.com\\\/#website\"},\"primaryImageOfPage\":{\"@id\":\"https:\\\/\\\/ericbphotographie.com\\\/index.php\\\/portraits-lifestyle-montpellier\\\/portrait-m\\\/#primaryimage\"},\"image\":{\"@id\":\"https:\\\/\\\/ericbphotographie.com\\\/index.php\\\/portraits-lifestyle-montpellier\\\/portrait-m\\\/#primaryimage\"},\"thumbnailUrl\":\"https:\\\/\\\/ericbphotographie.com\\\/wp-content\\\/uploads\\\/2025\\\/01\\\/Photographe-portrait-Eric-B-Photographie-modele-M8.webp\",\"datePublished\":\"2020-08-21T05:14:53+00:00\",\"dateModified\":\"2025-01-21T16:52:00+00:00\",\"description\":\"S\u00e9ance photos avec une tr\u00e8s jolie mod\u00e8le professionnelle \u00e0 Paris enti\u00e8rement en ext\u00e9rieur en lumi\u00e8re naturelle.\",\"breadcrumb\":{\"@id\":\"https:\\\/\\\/ericbphotographie.com\\\/index.php\\\/portraits-lifestyle-montpellier\\\/portrait-m\\\/#breadcrumb\"},\"inLanguage\":\"fr-FR\",\"potentialAction\":[{\"@type\":\"ReadAction\",\"target\":[\"https:\\\/\\\/ericbphotographie.com\\\/index.php\\\/portraits-lifestyle-montpellier\\\/portrait-m\\\/\"]}]},{\"@type\":\"ImageObject\",\"inLanguage\":\"fr-FR\",\"@id\":\"https:\\\/\\\/ericbphotographie.com\\\/index.php\\\/portraits-lifestyle-montpellier\\\/portrait-m\\\/#primaryimage\",\"url\":\"https:\\\/\\\/ericbphotographie.com\\\/wp-content\\\/uploads\\\/2025\\\/01\\\/Photographe-portrait-Eric-B-Photographie-modele-M8.webp\",\"contentUrl\":\"https:\\\/\\\/ericbphotographie.com\\\/wp-content\\\/uploads\\\/2025\\\/01\\\/Photographe-portrait-Eric-B-Photographie-modele-M8.webp\",\"width\":2500,\"height\":1667,\"caption\":\"s\u00e9ance portrait avec une mod\u00e8le professionnelle rousse aux yeux bleus\"},{\"@type\":\"BreadcrumbList\",\"@id\":\"https:\\\/\\\/ericbphotographie.com\\\/index.php\\\/portraits-lifestyle-montpellier\\\/portrait-m\\\/#breadcrumb\",\"itemListElement\":[{\"@type\":\"ListItem\",\"position\":1,\"name\":\"Accueil\",\"item\":\"https:\\\/\\\/ericbphotographie.com\\\/\"},{\"@type\":\"ListItem\",\"position\":2,\"name\":\"Portraits \\\/ Lifestyle\",\"item\":\"https:\\\/\\\/ericbphotographie.com\\\/index.php\\\/portraits-lifestyle-montpellier\\\/\"},{\"@type\":\"ListItem\",\"position\":3,\"name\":\"Portrait Mod\u00e8le professionnelle\"}]},{\"@type\":\"WebSite\",\"@id\":\"https:\\\/\\\/ericbphotographie.com\\\/#website\",\"url\":\"https:\\\/\\\/ericbphotographie.com\\\/\",\"name\":\"Eric B Photographie : photographe de mariage et portrait\",\"description\":\"Des photos pour de beaux souvenirs\",\"publisher\":{\"@id\":\"https:\\\/\\\/ericbphotographie.com\\\/#organization\"},\"potentialAction\":[{\"@type\":\"SearchAction\",\"target\":{\"@type\":\"EntryPoint\",\"urlTemplate\":\"https:\\\/\\\/ericbphotographie.com\\\/?s={search_term_string}\"},\"query-input\":{\"@type\":\"PropertyValueSpecification\",\"valueRequired\":true,\"valueName\":\"search_term_string\"}}],\"inLanguage\":\"fr-FR\"},{\"@type\":\"Organization\",\"@id\":\"https:\\\/\\\/ericbphotographie.com\\\/#organization\",\"name\":\"Eric B Photographie\",\"url\":\"https:\\\/\\\/ericbphotographie.com\\\/\",\"logo\":{\"@type\":\"ImageObject\",\"inLanguage\":\"fr-FR\",\"@id\":\"https:\\\/\\\/ericbphotographie.com\\\/#\\\/schema\\\/logo\\\/image\\\/\",\"url\":\"https:\\\/\\\/ericbphotographie.com\\\/wp-content\\\/uploads\\\/2018\\\/11\\\/Logo-EricB-nf.png\",\"contentUrl\":\"https:\\\/\\\/ericbphotographie.com\\\/wp-content\\\/uploads\\\/2018\\\/11\\\/Logo-EricB-nf.png\",\"width\":243,\"height\":206,\"caption\":\"Eric B Photographie\"},\"image\":{\"@id\":\"https:\\\/\\\/ericbphotographie.com\\\/#\\\/schema\\\/logo\\\/image\\\/\"},\"sameAs\":[\"https:\\\/\\\/www.facebook.com\\\/ericbphotographie34\\\/\",\"https:\\\/\\\/www.instagram.com\\\/ericb.photographie\\\/\"]}]}<\/script>\n<!-- \/ Yoast SEO plugin. -->","yoast_head_json":{"title":"Portrait Mod\u00e8le professionnelle - Eric B Photographie : photographe de mariage et portrait","description":"S\u00e9ance photos avec une tr\u00e8s jolie mod\u00e8le professionnelle \u00e0 Paris enti\u00e8rement en ext\u00e9rieur en lumi\u00e8re naturelle.","robots":{"index":"index","follow":"follow","max-snippet":"max-snippet:-1","max-image-preview":"max-image-preview:large","max-video-preview":"max-video-preview:-1"},"canonical":"https:\/\/ericbphotographie.com\/index.php\/portraits-lifestyle-montpellier\/portrait-m\/","og_locale":"fr_FR","og_type":"article","og_title":"Portrait Mod\u00e8le professionnelle - Eric B Photographie : photographe de mariage et portrait","og_description":"S\u00e9ance photos avec une tr\u00e8s jolie mod\u00e8le professionnelle \u00e0 Paris enti\u00e8rement en ext\u00e9rieur en lumi\u00e8re naturelle.","og_url":"https:\/\/ericbphotographie.com\/index.php\/portraits-lifestyle-montpellier\/portrait-m\/","og_site_name":"Eric B Photographie : photographe de mariage et portrait","article_publisher":"https:\/\/www.facebook.com\/ericbphotographie34\/","article_modified_time":"2025-01-21T16:52:00+00:00","og_image":[{"width":2500,"height":1667,"url":"https:\/\/ericbphotographie.com\/wp-content\/uploads\/2025\/01\/Photographe-portrait-Eric-B-Photographie-modele-M8.webp","type":"image\/webp"}],"twitter_card":"summary_large_image","twitter_misc":{"Dur\u00e9e de lecture estim\u00e9e":"1 minute"},"schema":{"@context":"https:\/\/schema.org","@graph":[{"@type":"WebPage","@id":"https:\/\/ericbphotographie.com\/index.php\/portraits-lifestyle-montpellier\/portrait-m\/","url":"https:\/\/ericbphotographie.com\/index.php\/portraits-lifestyle-montpellier\/portrait-m\/","name":"Portrait Mod\u00e8le professionnelle - Eric B Photographie : photographe de mariage et portrait","isPartOf":{"@id":"https:\/\/ericbphotographie.com\/#website"},"primaryImageOfPage":{"@id":"https:\/\/ericbphotographie.com\/index.php\/portraits-lifestyle-montpellier\/portrait-m\/#primaryimage"},"image":{"@id":"https:\/\/ericbphotographie.com\/index.php\/portraits-lifestyle-montpellier\/portrait-m\/#primaryimage"},"thumbnailUrl":"https:\/\/ericbphotographie.com\/wp-content\/uploads\/2025\/01\/Photographe-portrait-Eric-B-Photographie-modele-M8.webp","datePublished":"2020-08-21T05:14:53+00:00","dateModified":"2025-01-21T16:52:00+00:00","description":"S\u00e9ance photos avec une tr\u00e8s jolie mod\u00e8le professionnelle \u00e0 Paris enti\u00e8rement en ext\u00e9rieur en lumi\u00e8re naturelle.","breadcrumb":{"@id":"https:\/\/ericbphotographie.com\/index.php\/portraits-lifestyle-montpellier\/portrait-m\/#breadcrumb"},"inLanguage":"fr-FR","potentialAction":[{"@type":"ReadAction","target":["https:\/\/ericbphotographie.com\/index.php\/portraits-lifestyle-montpellier\/portrait-m\/"]}]},{"@type":"ImageObject","inLanguage":"fr-FR","@id":"https:\/\/ericbphotographie.com\/index.php\/portraits-lifestyle-montpellier\/portrait-m\/#primaryimage","url":"https:\/\/ericbphotographie.com\/wp-content\/uploads\/2025\/01\/Photographe-portrait-Eric-B-Photographie-modele-M8.webp","contentUrl":"https:\/\/ericbphotographie.com\/wp-content\/uploads\/2025\/01\/Photographe-portrait-Eric-B-Photographie-modele-M8.webp","width":2500,"height":1667,"caption":"s\u00e9ance portrait avec une mod\u00e8le professionnelle rousse aux yeux bleus"},{"@type":"BreadcrumbList","@id":"https:\/\/ericbphotographie.com\/index.php\/portraits-lifestyle-montpellier\/portrait-m\/#breadcrumb","itemListElement":[{"@type":"ListItem","position":1,"name":"Accueil","item":"https:\/\/ericbphotographie.com\/"},{"@type":"ListItem","position":2,"name":"Portraits \/ Lifestyle","item":"https:\/\/ericbphotographie.com\/index.php\/portraits-lifestyle-montpellier\/"},{"@type":"ListItem","position":3,"name":"Portrait Mod\u00e8le professionnelle"}]},{"@type":"WebSite","@id":"https:\/\/ericbphotographie.com\/#website","url":"https:\/\/ericbphotographie.com\/","name":"Eric B Photographie : photographe de mariage et portrait","description":"Des photos pour de beaux souvenirs","publisher":{"@id":"https:\/\/ericbphotographie.com\/#organization"},"potentialAction":[{"@type":"SearchAction","target":{"@type":"EntryPoint","urlTemplate":"https:\/\/ericbphotographie.com\/?s={search_term_string}"},"query-input":{"@type":"PropertyValueSpecification","valueRequired":true,"valueName":"search_term_string"}}],"inLanguage":"fr-FR"},{"@type":"Organization","@id":"https:\/\/ericbphotographie.com\/#organization","name":"Eric B Photographie","url":"https:\/\/ericbphotographie.com\/","logo":{"@type":"ImageObject","inLanguage":"fr-FR","@id":"https:\/\/ericbphotographie.com\/#\/schema\/logo\/image\/","url":"https:\/\/ericbphotographie.com\/wp-content\/uploads\/2018\/11\/Logo-EricB-nf.png","contentUrl":"https:\/\/ericbphotographie.com\/wp-content\/uploads\/2018\/11\/Logo-EricB-nf.png","width":243,"height":206,"caption":"Eric B Photographie"},"image":{"@id":"https:\/\/ericbphotographie.com\/#\/schema\/logo\/image\/"},"sameAs":["https:\/\/www.facebook.com\/ericbphotographie34\/","https:\/\/www.instagram.com\/ericb.photographie\/"]}]}},"_links":{"self":[{"href":"https:\/\/ericbphotographie.com\/index.php\/wp-json\/wp\/v2\/pages\/51463","targetHints":{"allow":["GET"]}}],"collection":[{"href":"https:\/\/ericbphotographie.com\/index.php\/wp-json\/wp\/v2\/pages"}],"about":[{"href":"https:\/\/ericbphotographie.com\/index.php\/wp-json\/wp\/v2\/types\/page"}],"author":[{"embeddable":true,"href":"https:\/\/ericbphotographie.com\/index.php\/wp-json\/wp\/v2\/users\/1"}],"replies":[{"embeddable":true,"href":"https:\/\/ericbphotographie.com\/index.php\/wp-json\/wp\/v2\/comments?post=51463"}],"version-history":[{"count":52,"href":"https:\/\/ericbphotographie.com\/index.php\/wp-json\/wp\/v2\/pages\/51463\/revisions"}],"predecessor-version":[{"id":52430,"href":"https:\/\/ericbphotographie.com\/index.php\/wp-json\/wp\/v2\/pages\/51463\/revisions\/52430"}],"up":[{"embeddable":true,"href":"https:\/\/ericbphotographie.com\/index.php\/wp-json\/wp\/v2\/pages\/51396"}],"wp:featuredmedia":[{"embeddable":true,"href":"https:\/\/ericbphotographie.com\/index.php\/wp-json\/wp\/v2\/media\/52395"}],"wp:attachment":[{"href":"https:\/\/ericbphotographie.com\/index.php\/wp-json\/wp\/v2\/media?parent=51463"}],"curies":[{"name":"wp","href":"https:\/\/api.w.org\/{rel}","templated":true}]}}