{"id":51480,"date":"2020-08-22T11:17:38","date_gmt":"2020-08-22T09:17:38","guid":{"rendered":"https:\/\/ericbphotographie.com\/?page_id=51480"},"modified":"2025-01-21T17:50:42","modified_gmt":"2025-01-21T16:50:42","slug":"portrait-eva","status":"publish","type":"page","link":"https:\/\/ericbphotographie.com\/index.php\/portraits-lifestyle-montpellier\/portrait-eva\/","title":{"rendered":"Portrait Eva"},"content":{"rendered":"\t\t<div data-elementor-type=\"wp-page\" data-elementor-id=\"51480\" class=\"elementor elementor-51480\" data-elementor-post-type=\"page\">\n\t\t\t\t\t\t<section class=\"elementor-section elementor-top-section elementor-element elementor-element-d2ad834 elementor-section-boxed elementor-section-height-default elementor-section-height-default\" data-id=\"d2ad834\" data-element_type=\"section\" data-e-type=\"section\">\n\t\t\t\t\t\t<div class=\"elementor-container elementor-column-gap-default\">\n\t\t\t\t\t<div class=\"elementor-column elementor-col-100 elementor-top-column elementor-element elementor-element-bef83f0\" data-id=\"bef83f0\" data-element_type=\"column\" data-e-type=\"column\">\n\t\t\t<div class=\"elementor-widget-wrap elementor-element-populated\">\n\t\t\t\t\t\t<div class=\"elementor-element elementor-element-e9de730 elementor-align-center elementor-widget elementor-widget-the7_button_widget\" data-id=\"e9de730\" data-element_type=\"widget\" data-e-type=\"widget\" data-widget_type=\"the7_button_widget.default\">\n\t\t\t\t<div class=\"elementor-widget-container\">\n\t\t\t\t\t<div class=\"elementor-button-wrapper\"><a href=\"https:\/\/ericbphotographie.com\/index.php\/portraits-lifestyle-montpellier\/\" class=\"box-button elementor-button elementor-size-xs\">Retour \u00e0 la page &quot;Portraits \/ lifestyle&quot;<\/a><\/div>\t\t\t\t<\/div>\n\t\t\t\t<\/div>\n\t\t\t\t\t<\/div>\n\t\t<\/div>\n\t\t\t\t\t<\/div>\n\t\t<\/section>\n\t\t\t\t<section class=\"elementor-section elementor-top-section elementor-element elementor-element-e05d4fb elementor-section-boxed elementor-section-height-default elementor-section-height-default\" data-id=\"e05d4fb\" data-element_type=\"section\" data-e-type=\"section\">\n\t\t\t\t\t\t<div class=\"elementor-container elementor-column-gap-default\">\n\t\t\t\t\t<div class=\"elementor-column elementor-col-100 elementor-top-column elementor-element elementor-element-b2c518e\" data-id=\"b2c518e\" data-element_type=\"column\" data-e-type=\"column\">\n\t\t\t<div class=\"elementor-widget-wrap elementor-element-populated\">\n\t\t\t\t\t\t<div class=\"elementor-element elementor-element-8be631b elementor-widget elementor-widget-text-editor\" data-id=\"8be631b\" data-element_type=\"widget\" data-e-type=\"widget\" data-widget_type=\"text-editor.default\">\n\t\t\t\t<div class=\"elementor-widget-container\">\n\t\t\t\t\t\t\t\t\t<p>La premi\u00e8re chose qui saute aux yeux chez Eva\u2026c&rsquo;est justement ses yeux. Des yeux d\u2019un bleu magnifique. Eva est d\u2019un grand professionnalisme et tr\u00e8s sympathique. Elle sait vous mettre \u00e0 l\u2019aide et se trouve \u00eatre d\u2019une grande patience.<\/p><p>Il faut dire qu\u2019elle fut ma toute premi\u00e8re mod\u00e8le professionnelle pour une s\u00e9ance portrait. On est donc h\u00e9sitant et pas \u00e0 l\u2019aise quand cela arrive. Mais la s\u00e9ance c\u2019est tr\u00e8s bien pass\u00e9e et j&rsquo;en garde de tr\u00e8s bons souvenirs. C\u2019est en grande partie gr\u00e2ce \u00e0 elle.\u00a0 \u00a0 \u00a0\u00a0<\/p><p>Mod\u00e8le\u00a0: Eva<br \/>Instagram\u00a0: <a href=\"https:\/\/www.instagram.com\/eva_mikulski\/?hl=fr\">@eva_mikulski<\/a><br \/>Book\u00a0: <a href=\"http:\/\/www.evamikulski.book.fr\">www.evamikulski.book.fr<\/a><\/p>\t\t\t\t\t\t\t\t<\/div>\n\t\t\t\t<\/div>\n\t\t\t\t<div class=\"elementor-element elementor-element-7fda71b elementor-widget elementor-widget-gallery\" data-id=\"7fda71b\" data-element_type=\"widget\" data-e-type=\"widget\" data-settings=\"{&quot;gallery_layout&quot;:&quot;masonry&quot;,&quot;columns&quot;:2,&quot;gap&quot;:{&quot;unit&quot;:&quot;px&quot;,&quot;size&quot;:30,&quot;sizes&quot;:[]},&quot;lazyload&quot;:&quot;yes&quot;,&quot;columns_tablet&quot;:2,&quot;columns_mobile&quot;:1,&quot;gap_tablet&quot;:{&quot;unit&quot;:&quot;px&quot;,&quot;size&quot;:10,&quot;sizes&quot;:[]},&quot;gap_mobile&quot;:{&quot;unit&quot;:&quot;px&quot;,&quot;size&quot;:10,&quot;sizes&quot;:[]},&quot;link_to&quot;:&quot;file&quot;,&quot;overlay_background&quot;:&quot;yes&quot;,&quot;content_hover_animation&quot;:&quot;fade-in&quot;}\" data-widget_type=\"gallery.default\">\n\t\t\t\t<div class=\"elementor-widget-container\">\n\t\t\t\t\t\t\t<div class=\"elementor-gallery__container\">\n\t\t\t\t\t\t\t<a class=\"e-gallery-item elementor-gallery-item elementor-animated-content\" href=\"https:\/\/ericbphotographie.com\/wp-content\/uploads\/2025\/01\/Photographe-portrait-Eric-B-Photographie-modele-Eva7-scaled.webp\" data-elementor-open-lightbox=\"yes\" data-elementor-lightbox-slideshow=\"7fda71b\" data-elementor-lightbox-title=\"portrait Eva\" data-e-action-hash=\"#elementor-action%3Aaction%3Dlightbox%26settings%3DeyJpZCI6NTIzODcsInVybCI6Imh0dHBzOlwvXC9lcmljYnBob3RvZ3JhcGhpZS5jb21cL3dwLWNvbnRlbnRcL3VwbG9hZHNcLzIwMjVcLzAxXC9QaG90b2dyYXBoZS1wb3J0cmFpdC1FcmljLUItUGhvdG9ncmFwaGllLW1vZGVsZS1FdmE3LXNjYWxlZC53ZWJwIiwic2xpZGVzaG93IjoiN2ZkYTcxYiJ9\">\n\t\t\t\t\t<div class=\"e-gallery-image elementor-gallery-item__image\" data-thumbnail=\"https:\/\/ericbphotographie.com\/wp-content\/uploads\/2025\/01\/Photographe-portrait-Eric-B-Photographie-modele-Eva7-768x1152.webp\" data-width=\"768\" data-height=\"1152\" aria-label=\"s\u00e9ance portrait avec une mod\u00e8le professionnelle\" role=\"img\" ><\/div>\n\t\t\t\t\t\t\t\t\t\t\t<div class=\"elementor-gallery-item__overlay\"><\/div>\n\t\t\t\t\t\t\t\t\t\t\t\t\t\t<\/a>\n\t\t\t\t\t\t\t<a class=\"e-gallery-item elementor-gallery-item elementor-animated-content\" href=\"https:\/\/ericbphotographie.com\/wp-content\/uploads\/2025\/01\/Photographe-portrait-Eric-B-Photographie-modele-Eva4.webp\" data-elementor-open-lightbox=\"yes\" data-elementor-lightbox-slideshow=\"7fda71b\" data-elementor-lightbox-title=\"portrait Eva\" data-e-action-hash=\"#elementor-action%3Aaction%3Dlightbox%26settings%3DeyJpZCI6NTIzODQsInVybCI6Imh0dHBzOlwvXC9lcmljYnBob3RvZ3JhcGhpZS5jb21cL3dwLWNvbnRlbnRcL3VwbG9hZHNcLzIwMjVcLzAxXC9QaG90b2dyYXBoZS1wb3J0cmFpdC1FcmljLUItUGhvdG9ncmFwaGllLW1vZGVsZS1FdmE0LndlYnAiLCJzbGlkZXNob3ciOiI3ZmRhNzFiIn0%3D\">\n\t\t\t\t\t<div class=\"e-gallery-image elementor-gallery-item__image\" data-thumbnail=\"https:\/\/ericbphotographie.com\/wp-content\/uploads\/2025\/01\/Photographe-portrait-Eric-B-Photographie-modele-Eva4-768x512.webp\" data-width=\"768\" data-height=\"512\" aria-label=\"s\u00e9ance portrait avec une mod\u00e8le professionnelle\" role=\"img\" ><\/div>\n\t\t\t\t\t\t\t\t\t\t\t<div class=\"elementor-gallery-item__overlay\"><\/div>\n\t\t\t\t\t\t\t\t\t\t\t\t\t\t<\/a>\n\t\t\t\t\t\t\t<a class=\"e-gallery-item elementor-gallery-item elementor-animated-content\" href=\"https:\/\/ericbphotographie.com\/wp-content\/uploads\/2025\/01\/Photographe-portrait-Eric-B-Photographie-modele-Eva1.webp\" data-elementor-open-lightbox=\"yes\" data-elementor-lightbox-slideshow=\"7fda71b\" data-elementor-lightbox-title=\"portrait Eva\" data-e-action-hash=\"#elementor-action%3Aaction%3Dlightbox%26settings%3DeyJpZCI6NTIzODEsInVybCI6Imh0dHBzOlwvXC9lcmljYnBob3RvZ3JhcGhpZS5jb21cL3dwLWNvbnRlbnRcL3VwbG9hZHNcLzIwMjVcLzAxXC9QaG90b2dyYXBoZS1wb3J0cmFpdC1FcmljLUItUGhvdG9ncmFwaGllLW1vZGVsZS1FdmExLndlYnAiLCJzbGlkZXNob3ciOiI3ZmRhNzFiIn0%3D\">\n\t\t\t\t\t<div class=\"e-gallery-image elementor-gallery-item__image\" data-thumbnail=\"https:\/\/ericbphotographie.com\/wp-content\/uploads\/2025\/01\/Photographe-portrait-Eric-B-Photographie-modele-Eva1-768x512.webp\" data-width=\"768\" data-height=\"512\" aria-label=\"s\u00e9ance portrait avec une mod\u00e8le professionnelle\" role=\"img\" ><\/div>\n\t\t\t\t\t\t\t\t\t\t\t<div class=\"elementor-gallery-item__overlay\"><\/div>\n\t\t\t\t\t\t\t\t\t\t\t\t\t\t<\/a>\n\t\t\t\t\t\t\t<a class=\"e-gallery-item elementor-gallery-item elementor-animated-content\" href=\"https:\/\/ericbphotographie.com\/wp-content\/uploads\/2025\/01\/Photographe-portrait-Eric-B-Photographie-modele-Eva6-scaled.webp\" data-elementor-open-lightbox=\"yes\" data-elementor-lightbox-slideshow=\"7fda71b\" data-elementor-lightbox-title=\"portrait Eva\" data-e-action-hash=\"#elementor-action%3Aaction%3Dlightbox%26settings%3DeyJpZCI6NTIzODYsInVybCI6Imh0dHBzOlwvXC9lcmljYnBob3RvZ3JhcGhpZS5jb21cL3dwLWNvbnRlbnRcL3VwbG9hZHNcLzIwMjVcLzAxXC9QaG90b2dyYXBoZS1wb3J0cmFpdC1FcmljLUItUGhvdG9ncmFwaGllLW1vZGVsZS1FdmE2LXNjYWxlZC53ZWJwIiwic2xpZGVzaG93IjoiN2ZkYTcxYiJ9\">\n\t\t\t\t\t<div class=\"e-gallery-image elementor-gallery-item__image\" data-thumbnail=\"https:\/\/ericbphotographie.com\/wp-content\/uploads\/2025\/01\/Photographe-portrait-Eric-B-Photographie-modele-Eva6-768x512.webp\" data-width=\"768\" data-height=\"512\" aria-label=\"s\u00e9ance portrait avec une mod\u00e8le professionnelle\" role=\"img\" ><\/div>\n\t\t\t\t\t\t\t\t\t\t\t<div class=\"elementor-gallery-item__overlay\"><\/div>\n\t\t\t\t\t\t\t\t\t\t\t\t\t\t<\/a>\n\t\t\t\t\t\t\t<a class=\"e-gallery-item elementor-gallery-item elementor-animated-content\" href=\"https:\/\/ericbphotographie.com\/wp-content\/uploads\/2025\/01\/Photographe-portrait-Eric-B-Photographie-modele-Eva3.webp\" data-elementor-open-lightbox=\"yes\" data-elementor-lightbox-slideshow=\"7fda71b\" data-elementor-lightbox-title=\"portrait Eva\" data-e-action-hash=\"#elementor-action%3Aaction%3Dlightbox%26settings%3DeyJpZCI6NTIzODMsInVybCI6Imh0dHBzOlwvXC9lcmljYnBob3RvZ3JhcGhpZS5jb21cL3dwLWNvbnRlbnRcL3VwbG9hZHNcLzIwMjVcLzAxXC9QaG90b2dyYXBoZS1wb3J0cmFpdC1FcmljLUItUGhvdG9ncmFwaGllLW1vZGVsZS1FdmEzLndlYnAiLCJzbGlkZXNob3ciOiI3ZmRhNzFiIn0%3D\">\n\t\t\t\t\t<div class=\"e-gallery-image elementor-gallery-item__image\" data-thumbnail=\"https:\/\/ericbphotographie.com\/wp-content\/uploads\/2025\/01\/Photographe-portrait-Eric-B-Photographie-modele-Eva3-768x512.webp\" data-width=\"768\" data-height=\"512\" aria-label=\"s\u00e9ance portrait avec une mod\u00e8le professionnelle\" role=\"img\" ><\/div>\n\t\t\t\t\t\t\t\t\t\t\t<div class=\"elementor-gallery-item__overlay\"><\/div>\n\t\t\t\t\t\t\t\t\t\t\t\t\t\t<\/a>\n\t\t\t\t\t\t\t<a class=\"e-gallery-item elementor-gallery-item elementor-animated-content\" href=\"https:\/\/ericbphotographie.com\/wp-content\/uploads\/2025\/01\/Photographe-portrait-Eric-B-Photographie-modele-Eva2.webp\" data-elementor-open-lightbox=\"yes\" data-elementor-lightbox-slideshow=\"7fda71b\" data-elementor-lightbox-title=\"portrait Eva\" data-e-action-hash=\"#elementor-action%3Aaction%3Dlightbox%26settings%3DeyJpZCI6NTIzODIsInVybCI6Imh0dHBzOlwvXC9lcmljYnBob3RvZ3JhcGhpZS5jb21cL3dwLWNvbnRlbnRcL3VwbG9hZHNcLzIwMjVcLzAxXC9QaG90b2dyYXBoZS1wb3J0cmFpdC1FcmljLUItUGhvdG9ncmFwaGllLW1vZGVsZS1FdmEyLndlYnAiLCJzbGlkZXNob3ciOiI3ZmRhNzFiIn0%3D\">\n\t\t\t\t\t<div class=\"e-gallery-image elementor-gallery-item__image\" data-thumbnail=\"https:\/\/ericbphotographie.com\/wp-content\/uploads\/2025\/01\/Photographe-portrait-Eric-B-Photographie-modele-Eva2-768x512.webp\" data-width=\"768\" data-height=\"512\" aria-label=\"s\u00e9ance portrait avec une mod\u00e8le professionnelle\" role=\"img\" ><\/div>\n\t\t\t\t\t\t\t\t\t\t\t<div class=\"elementor-gallery-item__overlay\"><\/div>\n\t\t\t\t\t\t\t\t\t\t\t\t\t\t<\/a>\n\t\t\t\t\t\t\t<a class=\"e-gallery-item elementor-gallery-item elementor-animated-content\" href=\"https:\/\/ericbphotographie.com\/wp-content\/uploads\/2025\/01\/Photographe-portrait-Eric-B-Photographie-modele-Eva5.webp\" data-elementor-open-lightbox=\"yes\" data-elementor-lightbox-slideshow=\"7fda71b\" data-elementor-lightbox-title=\"portrait Eva\" data-e-action-hash=\"#elementor-action%3Aaction%3Dlightbox%26settings%3DeyJpZCI6NTIzODUsInVybCI6Imh0dHBzOlwvXC9lcmljYnBob3RvZ3JhcGhpZS5jb21cL3dwLWNvbnRlbnRcL3VwbG9hZHNcLzIwMjVcLzAxXC9QaG90b2dyYXBoZS1wb3J0cmFpdC1FcmljLUItUGhvdG9ncmFwaGllLW1vZGVsZS1FdmE1LndlYnAiLCJzbGlkZXNob3ciOiI3ZmRhNzFiIn0%3D\">\n\t\t\t\t\t<div class=\"e-gallery-image elementor-gallery-item__image\" data-thumbnail=\"https:\/\/ericbphotographie.com\/wp-content\/uploads\/2025\/01\/Photographe-portrait-Eric-B-Photographie-modele-Eva5-768x1152.webp\" data-width=\"768\" data-height=\"1152\" aria-label=\"s\u00e9ance portrait avec une mod\u00e8le professionnelle\" role=\"img\" ><\/div>\n\t\t\t\t\t\t\t\t\t\t\t<div class=\"elementor-gallery-item__overlay\"><\/div>\n\t\t\t\t\t\t\t\t\t\t\t\t\t\t<\/a>\n\t\t\t\t\t<\/div>\n\t\t\t\t\t<\/div>\n\t\t\t\t<\/div>\n\t\t\t\t\t<\/div>\n\t\t<\/div>\n\t\t\t\t\t<\/div>\n\t\t<\/section>\n\t\t\t\t<section class=\"elementor-section elementor-top-section elementor-element elementor-element-49441ef elementor-section-boxed elementor-section-height-default elementor-section-height-default\" data-id=\"49441ef\" data-element_type=\"section\" data-e-type=\"section\">\n\t\t\t\t\t\t<div class=\"elementor-container elementor-column-gap-default\">\n\t\t\t\t\t<div class=\"elementor-column elementor-col-100 elementor-top-column elementor-element elementor-element-e876cf0\" data-id=\"e876cf0\" data-element_type=\"column\" data-e-type=\"column\" data-settings=\"{&quot;background_background&quot;:&quot;classic&quot;}\">\n\t\t\t<div class=\"elementor-widget-wrap\">\n\t\t\t\t\t\t\t<\/div>\n\t\t<\/div>\n\t\t\t\t\t<\/div>\n\t\t<\/section>\n\t\t\t\t<\/div>\n\t\t","protected":false},"excerpt":{"rendered":"<p>Retour \u00e0 la page &quot;Portraits \/ lifestyle&quot; La premi\u00e8re chose qui saute aux yeux chez Eva\u2026c&rsquo;est justement ses yeux. Des yeux d\u2019un bleu magnifique. Eva est d\u2019un grand professionnalisme et tr\u00e8s sympathique. Elle sait vous mettre \u00e0 l\u2019aide et se trouve \u00eatre d\u2019une grande patience. Il faut dire qu\u2019elle fut ma toute premi\u00e8re mod\u00e8le professionnelle&hellip;<\/p>\n","protected":false},"author":1,"featured_media":52384,"parent":51396,"menu_order":0,"comment_status":"closed","ping_status":"closed","template":"elementor_header_footer","meta":{"_exactmetrics_skip_tracking":false,"_exactmetrics_sitenote_active":false,"_exactmetrics_sitenote_note":"","_exactmetrics_sitenote_category":0,"footnotes":""},"class_list":["post-51480","page","type-page","status-publish","has-post-thumbnail","hentry"],"yoast_head":"<!-- This site is optimized with the Yoast SEO plugin v27.4 - https:\/\/yoast.com\/product\/yoast-seo-wordpress\/ -->\n<title>Portrait Eva - Eric B Photographie : photographe de mariage et portrait<\/title>\n<meta name=\"description\" content=\"Page de la s\u00e9ance photos portrait r\u00e9alis\u00e9e avec la belle Eva \u00e0 Paris en lumi\u00e8re naturelle dans un parc public.\" \/>\n<meta name=\"robots\" content=\"index, follow, max-snippet:-1, max-image-preview:large, max-video-preview:-1\" \/>\n<link rel=\"canonical\" href=\"https:\/\/ericbphotographie.com\/index.php\/portraits-lifestyle-montpellier\/portrait-eva\/\" \/>\n<meta property=\"og:locale\" content=\"fr_FR\" \/>\n<meta property=\"og:type\" content=\"article\" \/>\n<meta property=\"og:title\" content=\"Portrait Eva - Eric B Photographie : photographe de mariage et portrait\" \/>\n<meta property=\"og:description\" content=\"Page de la s\u00e9ance photos portrait r\u00e9alis\u00e9e avec la belle Eva \u00e0 Paris en lumi\u00e8re naturelle dans un parc public.\" \/>\n<meta property=\"og:url\" content=\"https:\/\/ericbphotographie.com\/index.php\/portraits-lifestyle-montpellier\/portrait-eva\/\" \/>\n<meta property=\"og:site_name\" content=\"Eric B Photographie : photographe de mariage et portrait\" \/>\n<meta property=\"article:publisher\" content=\"https:\/\/www.facebook.com\/ericbphotographie34\/\" \/>\n<meta property=\"article:modified_time\" content=\"2025-01-21T16:50:42+00:00\" \/>\n<meta property=\"og:image\" content=\"https:\/\/ericbphotographie.com\/wp-content\/uploads\/2025\/01\/Photographe-portrait-Eric-B-Photographie-modele-Eva4.webp\" \/>\n\t<meta property=\"og:image:width\" content=\"2500\" \/>\n\t<meta property=\"og:image:height\" content=\"1667\" \/>\n\t<meta property=\"og:image:type\" content=\"image\/webp\" \/>\n<meta name=\"twitter:card\" content=\"summary_large_image\" \/>\n<meta name=\"twitter:label1\" content=\"Dur\u00e9e de lecture estim\u00e9e\" \/>\n\t<meta name=\"twitter:data1\" content=\"1 minute\" \/>\n<script type=\"application\/ld+json\" class=\"yoast-schema-graph\">{\"@context\":\"https:\\\/\\\/schema.org\",\"@graph\":[{\"@type\":\"WebPage\",\"@id\":\"https:\\\/\\\/ericbphotographie.com\\\/index.php\\\/portraits-lifestyle-montpellier\\\/portrait-eva\\\/\",\"url\":\"https:\\\/\\\/ericbphotographie.com\\\/index.php\\\/portraits-lifestyle-montpellier\\\/portrait-eva\\\/\",\"name\":\"Portrait Eva - Eric B Photographie : photographe de mariage et portrait\",\"isPartOf\":{\"@id\":\"https:\\\/\\\/ericbphotographie.com\\\/#website\"},\"primaryImageOfPage\":{\"@id\":\"https:\\\/\\\/ericbphotographie.com\\\/index.php\\\/portraits-lifestyle-montpellier\\\/portrait-eva\\\/#primaryimage\"},\"image\":{\"@id\":\"https:\\\/\\\/ericbphotographie.com\\\/index.php\\\/portraits-lifestyle-montpellier\\\/portrait-eva\\\/#primaryimage\"},\"thumbnailUrl\":\"https:\\\/\\\/ericbphotographie.com\\\/wp-content\\\/uploads\\\/2025\\\/01\\\/Photographe-portrait-Eric-B-Photographie-modele-Eva4.webp\",\"datePublished\":\"2020-08-22T09:17:38+00:00\",\"dateModified\":\"2025-01-21T16:50:42+00:00\",\"description\":\"Page de la s\u00e9ance photos portrait r\u00e9alis\u00e9e avec la belle Eva \u00e0 Paris en lumi\u00e8re naturelle dans un parc public.\",\"breadcrumb\":{\"@id\":\"https:\\\/\\\/ericbphotographie.com\\\/index.php\\\/portraits-lifestyle-montpellier\\\/portrait-eva\\\/#breadcrumb\"},\"inLanguage\":\"fr-FR\",\"potentialAction\":[{\"@type\":\"ReadAction\",\"target\":[\"https:\\\/\\\/ericbphotographie.com\\\/index.php\\\/portraits-lifestyle-montpellier\\\/portrait-eva\\\/\"]}]},{\"@type\":\"ImageObject\",\"inLanguage\":\"fr-FR\",\"@id\":\"https:\\\/\\\/ericbphotographie.com\\\/index.php\\\/portraits-lifestyle-montpellier\\\/portrait-eva\\\/#primaryimage\",\"url\":\"https:\\\/\\\/ericbphotographie.com\\\/wp-content\\\/uploads\\\/2025\\\/01\\\/Photographe-portrait-Eric-B-Photographie-modele-Eva4.webp\",\"contentUrl\":\"https:\\\/\\\/ericbphotographie.com\\\/wp-content\\\/uploads\\\/2025\\\/01\\\/Photographe-portrait-Eric-B-Photographie-modele-Eva4.webp\",\"width\":2500,\"height\":1667,\"caption\":\"s\u00e9ance portrait avec une mod\u00e8le professionnelle blonde aux yeux bleus\"},{\"@type\":\"BreadcrumbList\",\"@id\":\"https:\\\/\\\/ericbphotographie.com\\\/index.php\\\/portraits-lifestyle-montpellier\\\/portrait-eva\\\/#breadcrumb\",\"itemListElement\":[{\"@type\":\"ListItem\",\"position\":1,\"name\":\"Accueil\",\"item\":\"https:\\\/\\\/ericbphotographie.com\\\/\"},{\"@type\":\"ListItem\",\"position\":2,\"name\":\"Portraits \\\/ Lifestyle\",\"item\":\"https:\\\/\\\/ericbphotographie.com\\\/index.php\\\/portraits-lifestyle-montpellier\\\/\"},{\"@type\":\"ListItem\",\"position\":3,\"name\":\"Portrait Eva\"}]},{\"@type\":\"WebSite\",\"@id\":\"https:\\\/\\\/ericbphotographie.com\\\/#website\",\"url\":\"https:\\\/\\\/ericbphotographie.com\\\/\",\"name\":\"Eric B Photographie : photographe de mariage et portrait\",\"description\":\"Des photos pour de beaux souvenirs\",\"publisher\":{\"@id\":\"https:\\\/\\\/ericbphotographie.com\\\/#organization\"},\"potentialAction\":[{\"@type\":\"SearchAction\",\"target\":{\"@type\":\"EntryPoint\",\"urlTemplate\":\"https:\\\/\\\/ericbphotographie.com\\\/?s={search_term_string}\"},\"query-input\":{\"@type\":\"PropertyValueSpecification\",\"valueRequired\":true,\"valueName\":\"search_term_string\"}}],\"inLanguage\":\"fr-FR\"},{\"@type\":\"Organization\",\"@id\":\"https:\\\/\\\/ericbphotographie.com\\\/#organization\",\"name\":\"Eric B Photographie\",\"url\":\"https:\\\/\\\/ericbphotographie.com\\\/\",\"logo\":{\"@type\":\"ImageObject\",\"inLanguage\":\"fr-FR\",\"@id\":\"https:\\\/\\\/ericbphotographie.com\\\/#\\\/schema\\\/logo\\\/image\\\/\",\"url\":\"https:\\\/\\\/ericbphotographie.com\\\/wp-content\\\/uploads\\\/2018\\\/11\\\/Logo-EricB-nf.png\",\"contentUrl\":\"https:\\\/\\\/ericbphotographie.com\\\/wp-content\\\/uploads\\\/2018\\\/11\\\/Logo-EricB-nf.png\",\"width\":243,\"height\":206,\"caption\":\"Eric B Photographie\"},\"image\":{\"@id\":\"https:\\\/\\\/ericbphotographie.com\\\/#\\\/schema\\\/logo\\\/image\\\/\"},\"sameAs\":[\"https:\\\/\\\/www.facebook.com\\\/ericbphotographie34\\\/\",\"https:\\\/\\\/www.instagram.com\\\/ericb.photographie\\\/\"]}]}<\/script>\n<!-- \/ Yoast SEO plugin. -->","yoast_head_json":{"title":"Portrait Eva - Eric B Photographie : photographe de mariage et portrait","description":"Page de la s\u00e9ance photos portrait r\u00e9alis\u00e9e avec la belle Eva \u00e0 Paris en lumi\u00e8re naturelle dans un parc public.","robots":{"index":"index","follow":"follow","max-snippet":"max-snippet:-1","max-image-preview":"max-image-preview:large","max-video-preview":"max-video-preview:-1"},"canonical":"https:\/\/ericbphotographie.com\/index.php\/portraits-lifestyle-montpellier\/portrait-eva\/","og_locale":"fr_FR","og_type":"article","og_title":"Portrait Eva - Eric B Photographie : photographe de mariage et portrait","og_description":"Page de la s\u00e9ance photos portrait r\u00e9alis\u00e9e avec la belle Eva \u00e0 Paris en lumi\u00e8re naturelle dans un parc public.","og_url":"https:\/\/ericbphotographie.com\/index.php\/portraits-lifestyle-montpellier\/portrait-eva\/","og_site_name":"Eric B Photographie : photographe de mariage et portrait","article_publisher":"https:\/\/www.facebook.com\/ericbphotographie34\/","article_modified_time":"2025-01-21T16:50:42+00:00","og_image":[{"width":2500,"height":1667,"url":"https:\/\/ericbphotographie.com\/wp-content\/uploads\/2025\/01\/Photographe-portrait-Eric-B-Photographie-modele-Eva4.webp","type":"image\/webp"}],"twitter_card":"summary_large_image","twitter_misc":{"Dur\u00e9e de lecture estim\u00e9e":"1 minute"},"schema":{"@context":"https:\/\/schema.org","@graph":[{"@type":"WebPage","@id":"https:\/\/ericbphotographie.com\/index.php\/portraits-lifestyle-montpellier\/portrait-eva\/","url":"https:\/\/ericbphotographie.com\/index.php\/portraits-lifestyle-montpellier\/portrait-eva\/","name":"Portrait Eva - Eric B Photographie : photographe de mariage et portrait","isPartOf":{"@id":"https:\/\/ericbphotographie.com\/#website"},"primaryImageOfPage":{"@id":"https:\/\/ericbphotographie.com\/index.php\/portraits-lifestyle-montpellier\/portrait-eva\/#primaryimage"},"image":{"@id":"https:\/\/ericbphotographie.com\/index.php\/portraits-lifestyle-montpellier\/portrait-eva\/#primaryimage"},"thumbnailUrl":"https:\/\/ericbphotographie.com\/wp-content\/uploads\/2025\/01\/Photographe-portrait-Eric-B-Photographie-modele-Eva4.webp","datePublished":"2020-08-22T09:17:38+00:00","dateModified":"2025-01-21T16:50:42+00:00","description":"Page de la s\u00e9ance photos portrait r\u00e9alis\u00e9e avec la belle Eva \u00e0 Paris en lumi\u00e8re naturelle dans un parc public.","breadcrumb":{"@id":"https:\/\/ericbphotographie.com\/index.php\/portraits-lifestyle-montpellier\/portrait-eva\/#breadcrumb"},"inLanguage":"fr-FR","potentialAction":[{"@type":"ReadAction","target":["https:\/\/ericbphotographie.com\/index.php\/portraits-lifestyle-montpellier\/portrait-eva\/"]}]},{"@type":"ImageObject","inLanguage":"fr-FR","@id":"https:\/\/ericbphotographie.com\/index.php\/portraits-lifestyle-montpellier\/portrait-eva\/#primaryimage","url":"https:\/\/ericbphotographie.com\/wp-content\/uploads\/2025\/01\/Photographe-portrait-Eric-B-Photographie-modele-Eva4.webp","contentUrl":"https:\/\/ericbphotographie.com\/wp-content\/uploads\/2025\/01\/Photographe-portrait-Eric-B-Photographie-modele-Eva4.webp","width":2500,"height":1667,"caption":"s\u00e9ance portrait avec une mod\u00e8le professionnelle blonde aux yeux bleus"},{"@type":"BreadcrumbList","@id":"https:\/\/ericbphotographie.com\/index.php\/portraits-lifestyle-montpellier\/portrait-eva\/#breadcrumb","itemListElement":[{"@type":"ListItem","position":1,"name":"Accueil","item":"https:\/\/ericbphotographie.com\/"},{"@type":"ListItem","position":2,"name":"Portraits \/ Lifestyle","item":"https:\/\/ericbphotographie.com\/index.php\/portraits-lifestyle-montpellier\/"},{"@type":"ListItem","position":3,"name":"Portrait Eva"}]},{"@type":"WebSite","@id":"https:\/\/ericbphotographie.com\/#website","url":"https:\/\/ericbphotographie.com\/","name":"Eric B Photographie : photographe de mariage et portrait","description":"Des photos pour de beaux souvenirs","publisher":{"@id":"https:\/\/ericbphotographie.com\/#organization"},"potentialAction":[{"@type":"SearchAction","target":{"@type":"EntryPoint","urlTemplate":"https:\/\/ericbphotographie.com\/?s={search_term_string}"},"query-input":{"@type":"PropertyValueSpecification","valueRequired":true,"valueName":"search_term_string"}}],"inLanguage":"fr-FR"},{"@type":"Organization","@id":"https:\/\/ericbphotographie.com\/#organization","name":"Eric B Photographie","url":"https:\/\/ericbphotographie.com\/","logo":{"@type":"ImageObject","inLanguage":"fr-FR","@id":"https:\/\/ericbphotographie.com\/#\/schema\/logo\/image\/","url":"https:\/\/ericbphotographie.com\/wp-content\/uploads\/2018\/11\/Logo-EricB-nf.png","contentUrl":"https:\/\/ericbphotographie.com\/wp-content\/uploads\/2018\/11\/Logo-EricB-nf.png","width":243,"height":206,"caption":"Eric B Photographie"},"image":{"@id":"https:\/\/ericbphotographie.com\/#\/schema\/logo\/image\/"},"sameAs":["https:\/\/www.facebook.com\/ericbphotographie34\/","https:\/\/www.instagram.com\/ericb.photographie\/"]}]}},"_links":{"self":[{"href":"https:\/\/ericbphotographie.com\/index.php\/wp-json\/wp\/v2\/pages\/51480","targetHints":{"allow":["GET"]}}],"collection":[{"href":"https:\/\/ericbphotographie.com\/index.php\/wp-json\/wp\/v2\/pages"}],"about":[{"href":"https:\/\/ericbphotographie.com\/index.php\/wp-json\/wp\/v2\/types\/page"}],"author":[{"embeddable":true,"href":"https:\/\/ericbphotographie.com\/index.php\/wp-json\/wp\/v2\/users\/1"}],"replies":[{"embeddable":true,"href":"https:\/\/ericbphotographie.com\/index.php\/wp-json\/wp\/v2\/comments?post=51480"}],"version-history":[{"count":43,"href":"https:\/\/ericbphotographie.com\/index.php\/wp-json\/wp\/v2\/pages\/51480\/revisions"}],"predecessor-version":[{"id":52474,"href":"https:\/\/ericbphotographie.com\/index.php\/wp-json\/wp\/v2\/pages\/51480\/revisions\/52474"}],"up":[{"embeddable":true,"href":"https:\/\/ericbphotographie.com\/index.php\/wp-json\/wp\/v2\/pages\/51396"}],"wp:featuredmedia":[{"embeddable":true,"href":"https:\/\/ericbphotographie.com\/index.php\/wp-json\/wp\/v2\/media\/52384"}],"wp:attachment":[{"href":"https:\/\/ericbphotographie.com\/index.php\/wp-json\/wp\/v2\/media?parent=51480"}],"curies":[{"name":"wp","href":"https:\/\/api.w.org\/{rel}","templated":true}]}}